{"id":7869,"date":"2018-12-13T17:16:24","date_gmt":"2018-12-13T23:16:24","guid":{"rendered":"https:\/\/www.adobecar.com\/?page_id=7869"},"modified":"2020-04-07T16:41:25","modified_gmt":"2020-04-07T22:41:25","slug":"car-rental-grecia-costa-rica","status":"publish","type":"page","link":"https:\/\/www.easycarcr.com\/en\/car-rental-grecia-costa-rica\/","title":{"rendered":"Rentar Carros en Grecia Costa Rica"},"content":{"rendered":"\t\t<div data-elementor-type=\"wp-post\" data-elementor-id=\"7869\" class=\"elementor elementor-7869\" data-elementor-settings=\"[]\">\n\t\t\t\t\t\t<div class=\"elementor-inner\">\n\t\t\t\t\t\t\t<div class=\"elementor-section-wrap\">\n\t\t\t\t\t\t\t<section class=\"elementor-section elementor-top-section elementor-element elementor-element-1b6b2168 elementor-section-content-middle elementor-hidden-phone elementor-section-boxed elementor-section-height-default elementor-section-height-default\" data-id=\"1b6b2168\" data-element_type=\"section\" data-settings=\"{&quot;background_background&quot;:&quot;classic&quot;}\">\n\t\t\t\t\t\t<div class=\"elementor-container elementor-column-gap-default\">\n\t\t\t\t\t\t\t<div class=\"elementor-row\">\n\t\t\t\t\t<div class=\"elementor-column elementor-col-25 elementor-top-column elementor-element elementor-element-71c38091\" data-id=\"71c38091\" data-element_type=\"column\">\n\t\t\t<div class=\"elementor-column-wrap elementor-element-populated\">\n\t\t\t\t\t\t\t<div class=\"elementor-widget-wrap\">\n\t\t\t\t\t\t<div class=\"elementor-element elementor-element-3498cb24 elementor-widget elementor-widget-shortcode\" data-id=\"3498cb24\" data-element_type=\"widget\" data-widget_type=\"shortcode.default\">\n\t\t\t\t<div class=\"elementor-widget-container\">\n\t\t\t\t\t<div class=\"elementor-shortcode\">\n<div\n\t class=\"wpml-ls-statics-shortcode_actions wpml-ls wpml-ls-legacy-dropdown js-wpml-ls-legacy-dropdown\" id=\"lang_sel\">\n\t<ul>\n\n\t\t<li tabindex=\"0\" class=\"wpml-ls-slot-shortcode_actions wpml-ls-item wpml-ls-item-en wpml-ls-current-language wpml-ls-first-item wpml-ls-item-legacy-dropdown\">\n\t\t\t<a href=\"#\" class=\"js-wpml-ls-item-toggle wpml-ls-item-toggle lang_sel_sel icl-en\">\n                <span class=\"wpml-ls-native icl_lang_sel_native\">English<\/span><\/a>\n\n\t\t\t<ul class=\"wpml-ls-sub-menu\">\n\t\t\t\t\n\t\t\t\t\t<li class=\"icl-es wpml-ls-slot-shortcode_actions wpml-ls-item wpml-ls-item-es wpml-ls-last-item\">\n\t\t\t\t\t\t<a href=\"https:\/\/www.easycarcr.com\/\" class=\"wpml-ls-link\">\n                            <span class=\"wpml-ls-native icl_lang_sel_native\" lang=\"es\">Espa\u00f1ol<\/span><span class=\"wpml-ls-display icl_lang_sel_translated\"><span class=\"wpml-ls-bracket icl_lang_sel_bracket\"> (<\/span>Spanish<span class=\"wpml-ls-bracket icl_lang_sel_bracket\">)<\/span><\/span><\/a>\n\t\t\t\t\t<\/li>\n\n\t\t\t\t\t\t\t<\/ul>\n\n\t\t<\/li>\n\n\t<\/ul>\n<\/div>\n<\/div>\n\t\t\t\t<\/div>\n\t\t\t\t<\/div>\n\t\t\t\t\t\t<\/div>\n\t\t\t\t\t<\/div>\n\t\t<\/div>\n\t\t\t\t<div class=\"elementor-column elementor-col-25 elementor-top-column elementor-element elementor-element-285270ac\" data-id=\"285270ac\" data-element_type=\"column\">\n\t\t\t<div class=\"elementor-column-wrap elementor-element-populated\">\n\t\t\t\t\t\t\t<div class=\"elementor-widget-wrap\">\n\t\t\t\t\t\t<div class=\"elementor-element elementor-element-7f29458c elementor-align-center elementor-mobile-align-center elementor-icon-list--layout-traditional elementor-list-item-link-full_width elementor-widget elementor-widget-icon-list\" data-id=\"7f29458c\" data-element_type=\"widget\" data-widget_type=\"icon-list.default\">\n\t\t\t\t<div class=\"elementor-widget-container\">\n\t\t\t\t\t<ul class=\"elementor-icon-list-items\">\n\t\t\t\t\t\t\t<li class=\"elementor-icon-list-item\">\n\t\t\t\t\t<a href=\"tel:+50625424800\" target=\"_blank\">\t\t\t\t\t\t<span class=\"elementor-icon-list-icon\">\n\t\t\t\t\t\t\t\t\t\t\t\t\t\t\t\t<i class=\"fa fa-phone\" aria-hidden=\"true\"><\/i>\n\t\t\t\t\t\t\t\t\t\t\t\t\t<\/span>\n\t\t\t\t\t\t\t\t\t\t<span class=\"elementor-icon-list-text\">(506) 2542-4800<\/span>\n\t\t\t\t\t\t\t\t\t\t\t<\/a>\n\t\t\t\t\t\t\t\t\t<\/li>\n\t\t\t\t\t\t<\/ul>\n\t\t\t\t<\/div>\n\t\t\t\t<\/div>\n\t\t\t\t\t\t<\/div>\n\t\t\t\t\t<\/div>\n\t\t<\/div>\n\t\t\t\t<div class=\"elementor-column elementor-col-25 elementor-top-column elementor-element elementor-element-6ac13ad2\" data-id=\"6ac13ad2\" data-element_type=\"column\">\n\t\t\t<div class=\"elementor-column-wrap elementor-element-populated\">\n\t\t\t\t\t\t\t<div class=\"elementor-widget-wrap\">\n\t\t\t\t\t\t<div class=\"elementor-element elementor-element-4eb0e34b elementor-mobile-align-center elementor-icon-list--layout-traditional elementor-list-item-link-full_width elementor-widget elementor-widget-icon-list\" data-id=\"4eb0e34b\" data-element_type=\"widget\" data-widget_type=\"icon-list.default\">\n\t\t\t\t<div class=\"elementor-widget-container\">\n\t\t\t\t\t<ul class=\"elementor-icon-list-items\">\n\t\t\t\t\t\t\t<li class=\"elementor-icon-list-item\">\n\t\t\t\t\t<a href=\"tel:18558611250\" target=\"_blank\">\t\t\t\t\t\t<span class=\"elementor-icon-list-icon\">\n\t\t\t\t\t\t\t\t\t\t\t\t\t\t\t\t<i class=\"fa fa-phone\" aria-hidden=\"true\"><\/i>\n\t\t\t\t\t\t\t\t\t\t\t\t\t<\/span>\n\t\t\t\t\t\t\t\t\t\t<span class=\"elementor-icon-list-text\">US & CAN Toll Free:\u00a01-855-861-1250<\/span>\n\t\t\t\t\t\t\t\t\t\t\t<\/a>\n\t\t\t\t\t\t\t\t\t<\/li>\n\t\t\t\t\t\t<\/ul>\n\t\t\t\t<\/div>\n\t\t\t\t<\/div>\n\t\t\t\t\t\t<\/div>\n\t\t\t\t\t<\/div>\n\t\t<\/div>\n\t\t\t\t<div class=\"elementor-column elementor-col-25 elementor-top-column elementor-element elementor-element-4c6929c4\" data-id=\"4c6929c4\" data-element_type=\"column\">\n\t\t\t<div class=\"elementor-column-wrap elementor-element-populated\">\n\t\t\t\t\t\t\t<div class=\"elementor-widget-wrap\">\n\t\t\t\t\t\t<div class=\"elementor-element elementor-element-7b7974b elementor-mobile-align-center elementor-icon-list--layout-traditional elementor-list-item-link-full_width elementor-widget elementor-widget-icon-list\" data-id=\"7b7974b\" data-element_type=\"widget\" data-widget_type=\"icon-list.default\">\n\t\t\t\t<div class=\"elementor-widget-container\">\n\t\t\t\t\t<ul class=\"elementor-icon-list-items\">\n\t\t\t\t\t\t\t<li class=\"elementor-icon-list-item\">\n\t\t\t\t\t<a href=\"https:\/\/api.whatsapp.com\/send?phone=50684945956\" target=\"_blank\">\t\t\t\t\t\t<span class=\"elementor-icon-list-icon\">\n\t\t\t\t\t\t\t\t\t\t\t\t\t\t\t\t<i class=\"fa fa-whatsapp\" aria-hidden=\"true\"><\/i>\n\t\t\t\t\t\t\t\t\t\t\t\t\t<\/span>\n\t\t\t\t\t\t\t\t\t\t<span class=\"elementor-icon-list-text\">+506 8494-5956<\/span>\n\t\t\t\t\t\t\t\t\t\t\t<\/a>\n\t\t\t\t\t\t\t\t\t<\/li>\n\t\t\t\t\t\t<\/ul>\n\t\t\t\t<\/div>\n\t\t\t\t<\/div>\n\t\t\t\t\t\t<\/div>\n\t\t\t\t\t<\/div>\n\t\t<\/div>\n\t\t\t\t\t\t\t\t<\/div>\n\t\t\t\t\t<\/div>\n\t\t<\/section>\n\t\t\t\t<section class=\"elementor-section elementor-top-section elementor-element elementor-element-4d294a72 elementor-section-full_width elementor-section-content-middle elementor-section-height-default elementor-section-height-default\" data-id=\"4d294a72\" data-element_type=\"section\">\n\t\t\t\t\t\t<div class=\"elementor-container elementor-column-gap-default\">\n\t\t\t\t\t\t\t<div class=\"elementor-row\">\n\t\t\t\t\t<div class=\"elementor-column elementor-col-100 elementor-top-column elementor-element elementor-element-7d3350ad\" data-id=\"7d3350ad\" data-element_type=\"column\">\n\t\t\t<div class=\"elementor-column-wrap elementor-element-populated\">\n\t\t\t\t\t\t\t<div class=\"elementor-widget-wrap\">\n\t\t\t\t\t\t<div class=\"elementor-element elementor-element-6b2b1d29 elementor-widget elementor-widget-image\" data-id=\"6b2b1d29\" data-element_type=\"widget\" data-widget_type=\"image.default\">\n\t\t\t\t<div class=\"elementor-widget-container\">\n\t\t\t\t\t<div class=\"elementor-image\">\n\t\t\t\t\t\t\t\t\t\t\t<a href=\"https:\/\/www.adobecar.com\/en\/\" target=\"_blank\">\n\t\t\t\t\t\t\t<img width=\"170\" height=\"78\" src=\"https:\/\/www.easycarcr.com\/wp-content\/uploads\/2017\/07\/logo-adobe-rent.png\" class=\"attachment-large size-large\" alt=\"Adobe Car Rental Costa Rica\" loading=\"lazy\" srcset=\"https:\/\/www.easycarcr.com\/wp-content\/uploads\/2017\/07\/logo-adobe-rent.png 170w, https:\/\/www.easycarcr.com\/wp-content\/uploads\/2017\/07\/logo-adobe-rent-20x9.png 20w\" sizes=\"(max-width: 170px) 100vw, 170px\" \/>\t\t\t\t\t\t\t\t<\/a>\n\t\t\t\t\t\t\t\t\t\t\t<\/div>\n\t\t\t\t<\/div>\n\t\t\t\t<\/div>\n\t\t\t\t\t\t<\/div>\n\t\t\t\t\t<\/div>\n\t\t<\/div>\n\t\t\t\t\t\t\t\t<\/div>\n\t\t\t\t\t<\/div>\n\t\t<\/section>\n\t\t\t\t<section class=\"elementor-section elementor-top-section elementor-element elementor-element-176ec0f6 elementor-section-content-top elementor-section-boxed elementor-section-height-default elementor-section-height-default\" data-id=\"176ec0f6\" data-element_type=\"section\" data-settings=\"{&quot;background_background&quot;:&quot;classic&quot;}\">\n\t\t\t\t\t\t\t<div class=\"elementor-background-overlay\"><\/div>\n\t\t\t\t\t\t\t<div class=\"elementor-container elementor-column-gap-default\">\n\t\t\t\t\t\t\t<div class=\"elementor-row\">\n\t\t\t\t\t<div class=\"elementor-column elementor-col-50 elementor-top-column elementor-element elementor-element-29df0ea2\" data-id=\"29df0ea2\" data-element_type=\"column\">\n\t\t\t<div class=\"elementor-column-wrap elementor-element-populated\">\n\t\t\t\t\t\t\t<div class=\"elementor-widget-wrap\">\n\t\t\t\t\t\t<div class=\"elementor-element elementor-element-739b463a elementor-widget elementor-widget-heading\" data-id=\"739b463a\" data-element_type=\"widget\" data-widget_type=\"heading.default\">\n\t\t\t\t<div class=\"elementor-widget-container\">\n\t\t\t<h1 class=\"elementor-heading-title elementor-size-default\">Car Rental Grecia Costa Rica<\/h1>\t\t<\/div>\n\t\t\t\t<\/div>\n\t\t\t\t<div class=\"elementor-element elementor-element-7b5d16cb elementor-widget elementor-widget-text-editor\" data-id=\"7b5d16cb\" data-element_type=\"widget\" data-widget_type=\"text-editor.default\">\n\t\t\t\t<div class=\"elementor-widget-container\">\n\t\t\t\t\t<div class=\"elementor-text-editor elementor-clearfix\"><p><span style=\"color: #ffffff;\">Discover Grecia with Adobe! Book online now, quickly and easily, with competitive rates<\/span><\/p><\/div>\n\t\t\t\t<\/div>\n\t\t\t\t<\/div>\n\t\t\t\t\t\t<\/div>\n\t\t\t\t\t<\/div>\n\t\t<\/div>\n\t\t\t\t<div class=\"elementor-column elementor-col-50 elementor-top-column elementor-element elementor-element-3d15a310\" data-id=\"3d15a310\" data-element_type=\"column\">\n\t\t\t<div class=\"elementor-column-wrap elementor-element-populated\">\n\t\t\t\t\t\t\t<div class=\"elementor-widget-wrap\">\n\t\t\t\t\t\t<div class=\"elementor-element elementor-element-e0f0c92 elementor-widget elementor-widget-html\" data-id=\"e0f0c92\" data-element_type=\"widget\" data-widget_type=\"html.default\">\n\t\t\t\t<div class=\"elementor-widget-container\">\n\t\t\t<iframe loading=\"lazy\" src=\"https:\/\/www.adobecar.cr\/landingframe.aspx?lang=ENG\" width=\"256\" height=\"370\" scrolling=\"no\" frameborder=\"0\" id=\"iframe_reservacion\"><\/iframe>\t\t<\/div>\n\t\t\t\t<\/div>\n\t\t\t\t\t\t<\/div>\n\t\t\t\t\t<\/div>\n\t\t<\/div>\n\t\t\t\t\t\t\t\t<\/div>\n\t\t\t\t\t<\/div>\n\t\t<\/section>\n\t\t\t\t<section class=\"elementor-section elementor-top-section elementor-element elementor-element-f434d18 elementor-section-boxed elementor-section-height-default elementor-section-height-default\" data-id=\"f434d18\" data-element_type=\"section\" data-settings=\"{&quot;background_background&quot;:&quot;classic&quot;}\">\n\t\t\t\t\t\t<div class=\"elementor-container elementor-column-gap-default\">\n\t\t\t\t\t\t\t<div class=\"elementor-row\">\n\t\t\t\t\t<div class=\"elementor-column elementor-col-100 elementor-top-column elementor-element elementor-element-55eb5a71\" data-id=\"55eb5a71\" data-element_type=\"column\">\n\t\t\t<div class=\"elementor-column-wrap elementor-element-populated\">\n\t\t\t\t\t\t\t<div class=\"elementor-widget-wrap\">\n\t\t\t\t\t\t<div class=\"elementor-element elementor-element-5f7cad0a elementor-widget elementor-widget-heading\" data-id=\"5f7cad0a\" data-element_type=\"widget\" data-widget_type=\"heading.default\">\n\t\t\t\t<div class=\"elementor-widget-container\">\n\t\t\t<h2 class=\"elementor-heading-title elementor-size-large\">Information on Adobe Rent a Car at Grecia Costa Rica<\/h2>\t\t<\/div>\n\t\t\t\t<\/div>\n\t\t\t\t<section class=\"elementor-section elementor-inner-section elementor-element elementor-element-aa2c07d elementor-section-boxed elementor-section-height-default elementor-section-height-default\" data-id=\"aa2c07d\" data-element_type=\"section\">\n\t\t\t\t\t\t<div class=\"elementor-container elementor-column-gap-default\">\n\t\t\t\t\t\t\t<div class=\"elementor-row\">\n\t\t\t\t\t<div class=\"elementor-column elementor-col-50 elementor-inner-column elementor-element elementor-element-71bfd9f\" data-id=\"71bfd9f\" data-element_type=\"column\">\n\t\t\t<div class=\"elementor-column-wrap elementor-element-populated\">\n\t\t\t\t\t\t\t<div class=\"elementor-widget-wrap\">\n\t\t\t\t\t\t<div class=\"elementor-element elementor-element-11810412 elementor-widget elementor-widget-text-editor\" data-id=\"11810412\" data-element_type=\"widget\" data-widget_type=\"text-editor.default\">\n\t\t\t\t<div class=\"elementor-widget-container\">\n\t\t\t\t\t<div class=\"elementor-text-editor elementor-clearfix\"><p style=\"text-align: center;\"><span style=\"font-size: 12pt;\"><span style=\"color: #333333;\">Phone:\u00a0<\/span><a href=\"tel:+50622394590\" target=\"_blank\" rel=\"noopener\"><strong>(506) 2444-1395<\/strong><\/a><\/span><br \/><span style=\"font-size: 12pt;\"><span style=\"color: #333333;\">US &amp; CAN Toll Free:\u00a0<\/span><a href=\"tel:18558611250\"><strong>1-855-861-1250<\/strong><\/a> (8 am-5 pm Central Time)<\/span><\/p><p><a href=\"https:\/\/api.whatsapp.com\/send?phone=50684945956\" target=\"_blank\" rel=\"noopener\">Whatsapp: (506) 8494-5956 (Monday to Friday, 8 am-5 pm Central Time)<\/a><\/p><p style=\"text-align: center;\"><span style=\"font-size: 12pt;\"><span style=\"color: #333333;\">Email:<\/span>\u00a0<strong><a href=\"mailto:opsgrecia@adobecar.com\" target=\"_blank\" rel=\"noopener\">opsgrecia@adobecar.com<\/a><\/strong><\/span><\/p><\/div>\n\t\t\t\t<\/div>\n\t\t\t\t<\/div>\n\t\t\t\t\t\t<\/div>\n\t\t\t\t\t<\/div>\n\t\t<\/div>\n\t\t\t\t<div class=\"elementor-column elementor-col-50 elementor-inner-column elementor-element elementor-element-1f90c99\" data-id=\"1f90c99\" data-element_type=\"column\">\n\t\t\t<div class=\"elementor-column-wrap elementor-element-populated\">\n\t\t\t\t\t\t\t<div class=\"elementor-widget-wrap\">\n\t\t\t\t\t\t<div class=\"elementor-element elementor-element-1682a9c elementor-widget elementor-widget-shortcode\" data-id=\"1682a9c\" data-element_type=\"widget\" data-widget_type=\"shortcode.default\">\n\t\t\t\t<div class=\"elementor-widget-container\">\n\t\t\t\t\t<div class=\"elementor-shortcode\">[wprevpro_usebadge tid=\"14\"]<\/div>\n\t\t\t\t<\/div>\n\t\t\t\t<\/div>\n\t\t\t\t\t\t<\/div>\n\t\t\t\t\t<\/div>\n\t\t<\/div>\n\t\t\t\t\t\t\t\t<\/div>\n\t\t\t\t\t<\/div>\n\t\t<\/section>\n\t\t\t\t<div class=\"elementor-element elementor-element-6f69e1e elementor-widget elementor-widget-google_maps\" data-id=\"6f69e1e\" data-element_type=\"widget\" data-widget_type=\"google_maps.default\">\n\t\t\t\t<div class=\"elementor-widget-container\">\n\t\t\t<div class=\"elementor-custom-embed\"><iframe frameborder=\"0\" scrolling=\"no\" marginheight=\"0\" marginwidth=\"0\" src=\"https:\/\/maps.google.com\/maps?q=adobe%20rent%20a%20car%20grecia&amp;t=m&amp;z=13&amp;output=embed&amp;iwloc=near\" title=\"adobe rent a car grecia\" aria-label=\"adobe rent a car grecia\"><\/iframe><\/div>\t\t<\/div>\n\t\t\t\t<\/div>\n\t\t\t\t<section class=\"elementor-section elementor-inner-section elementor-element elementor-element-11d623bd elementor-section-boxed elementor-section-height-default elementor-section-height-default\" data-id=\"11d623bd\" data-element_type=\"section\">\n\t\t\t\t\t\t<div class=\"elementor-container elementor-column-gap-default\">\n\t\t\t\t\t\t\t<div class=\"elementor-row\">\n\t\t\t\t\t<div class=\"elementor-column elementor-col-50 elementor-inner-column elementor-element elementor-element-6ec6ae37\" data-id=\"6ec6ae37\" data-element_type=\"column\" data-settings=\"{&quot;background_background&quot;:&quot;classic&quot;}\">\n\t\t\t<div class=\"elementor-column-wrap elementor-element-populated\">\n\t\t\t\t\t\t\t<div class=\"elementor-widget-wrap\">\n\t\t\t\t\t\t<div class=\"elementor-element elementor-element-2fac98ba elementor-widget elementor-widget-text-editor\" data-id=\"2fac98ba\" data-element_type=\"widget\" data-widget_type=\"text-editor.default\">\n\t\t\t\t<div class=\"elementor-widget-container\">\n\t\t\t\t\t<div class=\"elementor-text-editor elementor-clearfix\"><h3 style=\"text-align: center;\"><span style=\"font-size: 18pt;\">Address:<\/span><\/h3><p style=\"text-align: center;\"><span style=\"font-size: 14pt;\">Lubricentro Oso Alajuela Grecia 20301 Grecia, Provincia de Alajuela<\/span><\/p><\/div>\n\t\t\t\t<\/div>\n\t\t\t\t<\/div>\n\t\t\t\t\t\t<\/div>\n\t\t\t\t\t<\/div>\n\t\t<\/div>\n\t\t\t\t<div class=\"elementor-column elementor-col-50 elementor-inner-column elementor-element elementor-element-290d75e\" data-id=\"290d75e\" data-element_type=\"column\" data-settings=\"{&quot;background_background&quot;:&quot;classic&quot;}\">\n\t\t\t<div class=\"elementor-column-wrap elementor-element-populated\">\n\t\t\t\t\t\t\t<div class=\"elementor-widget-wrap\">\n\t\t\t\t\t\t<div class=\"elementor-element elementor-element-31d545fc elementor-widget elementor-widget-text-editor\" data-id=\"31d545fc\" data-element_type=\"widget\" data-widget_type=\"text-editor.default\">\n\t\t\t\t<div class=\"elementor-widget-container\">\n\t\t\t\t\t<div class=\"elementor-text-editor elementor-clearfix\"><h3 style=\"text-align: center;\"><span style=\"font-size: 18pt;\">Operations (CST):<\/span><\/h3>\n<p style=\"text-align: center;\"><span style=\"font-size: 18.6667px;\">Monday to friday: 8:00 a.m. \u2013 12:00 p.m. | 1:00 p.m. \u2013 5:00 p.m.\n<\/span><span style=\"font-size: 18.6667px;\">S\u00e1bado: 8:00 a.m. a 12:00 p.m.<\/span><span style=\"font-size: 18.6667px;\">\n<\/span><\/p><\/div>\n\t\t\t\t<\/div>\n\t\t\t\t<\/div>\n\t\t\t\t\t\t<\/div>\n\t\t\t\t\t<\/div>\n\t\t<\/div>\n\t\t\t\t\t\t\t\t<\/div>\n\t\t\t\t\t<\/div>\n\t\t<\/section>\n\t\t\t\t\t\t<\/div>\n\t\t\t\t\t<\/div>\n\t\t<\/div>\n\t\t\t\t\t\t\t\t<\/div>\n\t\t\t\t\t<\/div>\n\t\t<\/section>\n\t\t\t\t<section class=\"elementor-section elementor-top-section elementor-element elementor-element-15587eec elementor-section-boxed elementor-section-height-default elementor-section-height-default\" data-id=\"15587eec\" data-element_type=\"section\">\n\t\t\t\t\t\t<div class=\"elementor-container elementor-column-gap-default\">\n\t\t\t\t\t\t\t<div class=\"elementor-row\">\n\t\t\t\t\t<div class=\"elementor-column elementor-col-100 elementor-top-column elementor-element elementor-element-713457a1\" data-id=\"713457a1\" data-element_type=\"column\" data-settings=\"{&quot;background_background&quot;:&quot;classic&quot;}\">\n\t\t\t<div class=\"elementor-column-wrap elementor-element-populated\">\n\t\t\t\t\t\t\t<div class=\"elementor-widget-wrap\">\n\t\t\t\t\t\t<div class=\"elementor-element elementor-element-1aadb4f1 elementor-widget elementor-widget-text-editor\" data-id=\"1aadb4f1\" data-element_type=\"widget\" data-widget_type=\"text-editor.default\">\n\t\t\t\t<div class=\"elementor-widget-container\">\n\t\t\t\t\t<div class=\"elementor-text-editor elementor-clearfix\"><p>TIPS FOR RENTING A CAR IN GRECIA<\/p><\/div>\n\t\t\t\t<\/div>\n\t\t\t\t<\/div>\n\t\t\t\t\t\t<\/div>\n\t\t\t\t\t<\/div>\n\t\t<\/div>\n\t\t\t\t\t\t\t\t<\/div>\n\t\t\t\t\t<\/div>\n\t\t<\/section>\n\t\t\t\t<section class=\"elementor-section elementor-top-section elementor-element elementor-element-258e3d89 elementor-section-boxed elementor-section-height-default elementor-section-height-default\" data-id=\"258e3d89\" data-element_type=\"section\">\n\t\t\t\t\t\t<div class=\"elementor-container elementor-column-gap-default\">\n\t\t\t\t\t\t\t<div class=\"elementor-row\">\n\t\t\t\t\t<div class=\"elementor-column elementor-col-100 elementor-top-column elementor-element elementor-element-7507ab33\" data-id=\"7507ab33\" data-element_type=\"column\">\n\t\t\t<div class=\"elementor-column-wrap elementor-element-populated\">\n\t\t\t\t\t\t\t<div class=\"elementor-widget-wrap\">\n\t\t\t\t\t\t<div class=\"elementor-element elementor-element-31823283 elementor-widget elementor-widget-text-editor\" data-id=\"31823283\" data-element_type=\"widget\" data-widget_type=\"text-editor.default\">\n\t\t\t\t<div class=\"elementor-widget-container\">\n\t\t\t\t\t<div class=\"elementor-text-editor elementor-clearfix\"><h2><span style=\"font-size: 20pt;\">Adobe Rent a Car office in Grecia, Costa Rica <\/span><\/h2><\/div>\n\t\t\t\t<\/div>\n\t\t\t\t<\/div>\n\t\t\t\t<div class=\"elementor-element elementor-element-eec0b03 elementor-widget elementor-widget-toggle\" data-id=\"eec0b03\" data-element_type=\"widget\" data-widget_type=\"toggle.default\">\n\t\t\t\t<div class=\"elementor-widget-container\">\n\t\t\t\t\t<div class=\"elementor-toggle\" role=\"tablist\">\n\t\t\t\t\t\t\t<div class=\"elementor-toggle-item\">\n\t\t\t\t\t<div id=\"elementor-tab-title-2501\" class=\"elementor-tab-title\" data-tab=\"1\" role=\"tab\" aria-controls=\"elementor-tab-content-2501\" aria-expanded=\"false\">\n\t\t\t\t\t\t\t\t\t\t\t\t<span class=\"elementor-toggle-icon elementor-toggle-icon-left\" aria-hidden=\"true\">\n\t\t\t\t\t\t\t\t\t\t\t\t\t\t\t<span class=\"elementor-toggle-icon-closed\"><i class=\"fas fa-caret-right\"><\/i><\/span>\n\t\t\t\t\t\t\t\t<span class=\"elementor-toggle-icon-opened\"><i class=\"elementor-toggle-icon-opened fas fa-caret-up\"><\/i><\/span>\n\t\t\t\t\t\t\t\t\t\t\t\t\t<\/span>\n\t\t\t\t\t\t\t\t\t\t\t\t<a href=\"\" class=\"elementor-toggle-title\">Adobe has 16 locations all around Costa Rica for your convenience..<\/a>\n\t\t\t\t\t<\/div>\n\t\t\t\t\t<div id=\"elementor-tab-content-2501\" class=\"elementor-tab-content elementor-clearfix\" data-tab=\"1\" role=\"tabpanel\" aria-labelledby=\"elementor-tab-title-2501\"><p><img loading=\"lazy\" class=\"aligncenter wp-image-5944 size-full\" title=\"Adobe Rent a Car San Jos\u00e9 Office\" src=\"https:\/\/www.adobecar.com\/wp-content\/uploads\/2018\/04\/Adobe-Car-Grecia-Costa-Rica-Oficina.png\" alt=\"Adobe Car Grecia Costa Rica Oficina\" width=\"720\" height=\"357\" srcset=\"https:\/\/www.easycarcr.com\/wp-content\/uploads\/2018\/04\/Adobe-Car-Grecia-Costa-Rica-Oficina.png 720w, https:\/\/www.easycarcr.com\/wp-content\/uploads\/2018\/04\/Adobe-Car-Grecia-Costa-Rica-Oficina-300x149.png 300w, https:\/\/www.easycarcr.com\/wp-content\/uploads\/2018\/04\/Adobe-Car-Grecia-Costa-Rica-Oficina-20x10.png 20w\" sizes=\"(max-width: 720px) 100vw, 720px\" \/><\/p><p>Adobe has 16 locations all around Costa Rica for your convenience, including one located in Grecia, in Lubricentro Oso.<\/p><\/div>\n\t\t\t\t<\/div>\n\t\t\t\t\t<\/div>\n\t\t\t\t<\/div>\n\t\t\t\t<\/div>\n\t\t\t\t\t\t<\/div>\n\t\t\t\t\t<\/div>\n\t\t<\/div>\n\t\t\t\t\t\t\t\t<\/div>\n\t\t\t\t\t<\/div>\n\t\t<\/section>\n\t\t\t\t<section class=\"elementor-section elementor-top-section elementor-element elementor-element-35d9e53c elementor-section-boxed elementor-section-height-default elementor-section-height-default\" data-id=\"35d9e53c\" data-element_type=\"section\">\n\t\t\t\t\t\t<div class=\"elementor-container elementor-column-gap-default\">\n\t\t\t\t\t\t\t<div class=\"elementor-row\">\n\t\t\t\t\t<div class=\"elementor-column elementor-col-100 elementor-top-column elementor-element elementor-element-2735bf5a\" data-id=\"2735bf5a\" data-element_type=\"column\">\n\t\t\t<div class=\"elementor-column-wrap elementor-element-populated\">\n\t\t\t\t\t\t\t<div class=\"elementor-widget-wrap\">\n\t\t\t\t\t\t<div class=\"elementor-element elementor-element-694f7f9c elementor-widget elementor-widget-text-editor\" data-id=\"694f7f9c\" data-element_type=\"widget\" data-widget_type=\"text-editor.default\">\n\t\t\t\t<div class=\"elementor-widget-container\">\n\t\t\t\t\t<div class=\"elementor-text-editor elementor-clearfix\"><h2><span style=\"font-size: 20pt;\">Special car rental rates for locals and residents<\/span><\/h2><\/div>\n\t\t\t\t<\/div>\n\t\t\t\t<\/div>\n\t\t\t\t<div class=\"elementor-element elementor-element-72d664d6 elementor-widget elementor-widget-toggle\" data-id=\"72d664d6\" data-element_type=\"widget\" data-widget_type=\"toggle.default\">\n\t\t\t\t<div class=\"elementor-widget-container\">\n\t\t\t\t\t<div class=\"elementor-toggle\" role=\"tablist\">\n\t\t\t\t\t\t\t<div class=\"elementor-toggle-item\">\n\t\t\t\t\t<div id=\"elementor-tab-title-1921\" class=\"elementor-tab-title\" data-tab=\"1\" role=\"tab\" aria-controls=\"elementor-tab-content-1921\" aria-expanded=\"false\">\n\t\t\t\t\t\t\t\t\t\t\t\t<span class=\"elementor-toggle-icon elementor-toggle-icon-left\" aria-hidden=\"true\">\n\t\t\t\t\t\t\t\t\t\t\t\t\t\t\t<span class=\"elementor-toggle-icon-closed\"><i class=\"fas fa-caret-right\"><\/i><\/span>\n\t\t\t\t\t\t\t\t<span class=\"elementor-toggle-icon-opened\"><i class=\"elementor-toggle-icon-opened fas fa-caret-up\"><\/i><\/span>\n\t\t\t\t\t\t\t\t\t\t\t\t\t<\/span>\n\t\t\t\t\t\t\t\t\t\t\t\t<a href=\"\" class=\"elementor-toggle-title\">We offer discounted rates throughout the year for our...<\/a>\n\t\t\t\t\t<\/div>\n\t\t\t\t\t<div id=\"elementor-tab-content-1921\" class=\"elementor-tab-content elementor-clearfix\" data-tab=\"1\" role=\"tabpanel\" aria-labelledby=\"elementor-tab-title-1921\"><p><img loading=\"lazy\" class=\"aligncenter wp-image-5954 size-full\" title=\"Rent a car for a day, a week or a month\" src=\"https:\/\/www.adobecar.com\/wp-content\/uploads\/2018\/04\/Playa-de-Grecia-Con-Carro-Rentado.png\" alt=\"Playa de Grecia Con Carro Rentado\" width=\"720\" height=\"357\" srcset=\"https:\/\/www.easycarcr.com\/wp-content\/uploads\/2018\/04\/Playa-de-Grecia-Con-Carro-Rentado.png 720w, https:\/\/www.easycarcr.com\/wp-content\/uploads\/2018\/04\/Playa-de-Grecia-Con-Carro-Rentado-300x149.png 300w, https:\/\/www.easycarcr.com\/wp-content\/uploads\/2018\/04\/Playa-de-Grecia-Con-Carro-Rentado-20x10.png 20w\" sizes=\"(max-width: 720px) 100vw, 720px\" \/><\/p><p>We offer discounted rates throughout the year for our local and resident clients. At the moment of contacting us to request your quote or reservation, please let us know that you are a national or local customer to provide you special rates and benefits. Our rates already include mandatory coverage.<\/p><\/div>\n\t\t\t\t<\/div>\n\t\t\t\t\t<\/div>\n\t\t\t\t<\/div>\n\t\t\t\t<\/div>\n\t\t\t\t\t\t<\/div>\n\t\t\t\t\t<\/div>\n\t\t<\/div>\n\t\t\t\t\t\t\t\t<\/div>\n\t\t\t\t\t<\/div>\n\t\t<\/section>\n\t\t\t\t<section class=\"elementor-section elementor-top-section elementor-element elementor-element-5e6c8175 elementor-section-boxed elementor-section-height-default elementor-section-height-default\" data-id=\"5e6c8175\" data-element_type=\"section\">\n\t\t\t\t\t\t<div class=\"elementor-container elementor-column-gap-default\">\n\t\t\t\t\t\t\t<div class=\"elementor-row\">\n\t\t\t\t\t<div class=\"elementor-column elementor-col-100 elementor-top-column elementor-element elementor-element-58bdcda1\" data-id=\"58bdcda1\" data-element_type=\"column\">\n\t\t\t<div class=\"elementor-column-wrap elementor-element-populated\">\n\t\t\t\t\t\t\t<div class=\"elementor-widget-wrap\">\n\t\t\t\t\t\t<div class=\"elementor-element elementor-element-1462a929 elementor-widget elementor-widget-text-editor\" data-id=\"1462a929\" data-element_type=\"widget\" data-widget_type=\"text-editor.default\">\n\t\t\t\t<div class=\"elementor-widget-container\">\n\t\t\t\t\t<div class=\"elementor-text-editor elementor-clearfix\"><h2><span style=\"font-size: 20pt;\">Car rental requirements for locals and residents<\/span><\/h2><\/div>\n\t\t\t\t<\/div>\n\t\t\t\t<\/div>\n\t\t\t\t<div class=\"elementor-element elementor-element-532ce798 elementor-widget elementor-widget-toggle\" data-id=\"532ce798\" data-element_type=\"widget\" data-widget_type=\"toggle.default\">\n\t\t\t\t<div class=\"elementor-widget-container\">\n\t\t\t\t\t<div class=\"elementor-toggle\" role=\"tablist\">\n\t\t\t\t\t\t\t<div class=\"elementor-toggle-item\">\n\t\t\t\t\t<div id=\"elementor-tab-title-1391\" class=\"elementor-tab-title\" data-tab=\"1\" role=\"tab\" aria-controls=\"elementor-tab-content-1391\" aria-expanded=\"false\">\n\t\t\t\t\t\t\t\t\t\t\t\t<span class=\"elementor-toggle-icon elementor-toggle-icon-left\" aria-hidden=\"true\">\n\t\t\t\t\t\t\t\t\t\t\t\t\t\t\t<span class=\"elementor-toggle-icon-closed\"><i class=\"fas fa-caret-right\"><\/i><\/span>\n\t\t\t\t\t\t\t\t<span class=\"elementor-toggle-icon-opened\"><i class=\"elementor-toggle-icon-opened fas fa-caret-up\"><\/i><\/span>\n\t\t\t\t\t\t\t\t\t\t\t\t\t<\/span>\n\t\t\t\t\t\t\t\t\t\t\t\t<a href=\"\" class=\"elementor-toggle-title\">Car rental requirements for locals and residents<\/a>\n\t\t\t\t\t<\/div>\n\t\t\t\t\t<div id=\"elementor-tab-content-1391\" class=\"elementor-tab-content elementor-clearfix\" data-tab=\"1\" role=\"tabpanel\" aria-labelledby=\"elementor-tab-title-1391\"><p><img loading=\"lazy\" class=\"aligncenter wp-image-5942 size-full\" src=\"https:\/\/www.adobecar.com\/wp-content\/uploads\/2018\/04\/Adobe-Car-Grecia-CR.png\" alt=\"Seguro vial al Rentar Carro Grecia Costa Rica\" width=\"720\" height=\"357\" \/><\/p><p>&#8211; Older than 23 years old.<br \/>&#8211; Present original and valid driver\u00b4s license with more than 2 years from the first date of issue.<br \/>&#8211; Present ID Card or passport with immigration entry stamp.<br \/>&#8211; Guarantee deposit of US$1000 only with Credit Card. Debit Card is not accepted.<\/p><\/div>\n\t\t\t\t<\/div>\n\t\t\t\t\t<\/div>\n\t\t\t\t<\/div>\n\t\t\t\t<\/div>\n\t\t\t\t\t\t<\/div>\n\t\t\t\t\t<\/div>\n\t\t<\/div>\n\t\t\t\t\t\t\t\t<\/div>\n\t\t\t\t\t<\/div>\n\t\t<\/section>\n\t\t\t\t<section class=\"elementor-section elementor-top-section elementor-element elementor-element-a925e30 elementor-section-boxed elementor-section-height-default elementor-section-height-default\" data-id=\"a925e30\" data-element_type=\"section\">\n\t\t\t\t\t\t<div class=\"elementor-container elementor-column-gap-default\">\n\t\t\t\t\t\t\t<div class=\"elementor-row\">\n\t\t\t\t\t<div class=\"elementor-column elementor-col-100 elementor-top-column elementor-element elementor-element-29f11658\" data-id=\"29f11658\" data-element_type=\"column\">\n\t\t\t<div class=\"elementor-column-wrap elementor-element-populated\">\n\t\t\t\t\t\t\t<div class=\"elementor-widget-wrap\">\n\t\t\t\t\t\t<div class=\"elementor-element elementor-element-31962049 elementor-widget elementor-widget-text-editor\" data-id=\"31962049\" data-element_type=\"widget\" data-widget_type=\"text-editor.default\">\n\t\t\t\t<div class=\"elementor-widget-container\">\n\t\t\t\t\t<div class=\"elementor-text-editor elementor-clearfix\"><h2><span style=\"font-size: 20pt;\">An excellent solution in car rental for PYMES <\/span><\/h2><\/div>\n\t\t\t\t<\/div>\n\t\t\t\t<\/div>\n\t\t\t\t<div class=\"elementor-element elementor-element-1a772f1e elementor-widget elementor-widget-toggle\" data-id=\"1a772f1e\" data-element_type=\"widget\" data-widget_type=\"toggle.default\">\n\t\t\t\t<div class=\"elementor-widget-container\">\n\t\t\t\t\t<div class=\"elementor-toggle\" role=\"tablist\">\n\t\t\t\t\t\t\t<div class=\"elementor-toggle-item\">\n\t\t\t\t\t<div id=\"elementor-tab-title-4441\" class=\"elementor-tab-title\" data-tab=\"1\" role=\"tab\" aria-controls=\"elementor-tab-content-4441\" aria-expanded=\"false\">\n\t\t\t\t\t\t\t\t\t\t\t\t<span class=\"elementor-toggle-icon elementor-toggle-icon-left\" aria-hidden=\"true\">\n\t\t\t\t\t\t\t\t\t\t\t\t\t\t\t<span class=\"elementor-toggle-icon-closed\"><i class=\"fas fa-caret-right\"><\/i><\/span>\n\t\t\t\t\t\t\t\t<span class=\"elementor-toggle-icon-opened\"><i class=\"elementor-toggle-icon-opened fas fa-caret-up\"><\/i><\/span>\n\t\t\t\t\t\t\t\t\t\t\t\t\t<\/span>\n\t\t\t\t\t\t\t\t\t\t\t\t<a href=\"\" class=\"elementor-toggle-title\">In order to rent a car, the minimum rental age is..<\/a>\n\t\t\t\t\t<\/div>\n\t\t\t\t\t<div id=\"elementor-tab-content-4441\" class=\"elementor-tab-content elementor-clearfix\" data-tab=\"1\" role=\"tabpanel\" aria-labelledby=\"elementor-tab-title-4441\"><img loading=\"lazy\" class=\"aligncenter wp-image-5946 size-full\" src=\"https:\/\/www.adobecar.com\/wp-content\/uploads\/2018\/04\/Grecia-Costa-Rica-Car-Rental.png\" alt=\"Adobe Car Grecia CR\" width=\"720\" height=\"357\" \/>\n\nMany Costa Ricans have decided to create their own business and have been in need of transporting products or supplies, or to mobilize their employees, for this reason we have created the option Adobe PYMES, to facilitate the car rentals with special conditions and benefits:\n\n&#8211; Frequent customer rates\n&#8211; Full coverage system\n&#8211; Free road assistance if you take $0 deductible insurance (SPP)\n&#8211; Monthly and Long Term Rentals\n&#8211; Rental of additional accessories.<\/div>\n\t\t\t\t<\/div>\n\t\t\t\t\t<\/div>\n\t\t\t\t<\/div>\n\t\t\t\t<\/div>\n\t\t\t\t\t\t<\/div>\n\t\t\t\t\t<\/div>\n\t\t<\/div>\n\t\t\t\t\t\t\t\t<\/div>\n\t\t\t\t\t<\/div>\n\t\t<\/section>\n\t\t\t\t<section class=\"elementor-section elementor-top-section elementor-element elementor-element-188b2035 elementor-section-boxed elementor-section-height-default elementor-section-height-default\" data-id=\"188b2035\" data-element_type=\"section\">\n\t\t\t\t\t\t<div class=\"elementor-container elementor-column-gap-default\">\n\t\t\t\t\t\t\t<div class=\"elementor-row\">\n\t\t\t\t\t<div class=\"elementor-column elementor-col-100 elementor-top-column elementor-element elementor-element-2ee40ad\" data-id=\"2ee40ad\" data-element_type=\"column\">\n\t\t\t<div class=\"elementor-column-wrap elementor-element-populated\">\n\t\t\t\t\t\t\t<div class=\"elementor-widget-wrap\">\n\t\t\t\t\t\t<div class=\"elementor-element elementor-element-4433b3a5 elementor-widget elementor-widget-text-editor\" data-id=\"4433b3a5\" data-element_type=\"widget\" data-widget_type=\"text-editor.default\">\n\t\t\t\t<div class=\"elementor-widget-container\">\n\t\t\t\t\t<div class=\"elementor-text-editor elementor-clearfix\"><h2><span style=\"font-size: 20pt;\">Your personal car doesn\u00b4t work? Rent a replacement car <\/span><\/h2><\/div>\n\t\t\t\t<\/div>\n\t\t\t\t<\/div>\n\t\t\t\t<div class=\"elementor-element elementor-element-cb6e87 elementor-widget elementor-widget-toggle\" data-id=\"cb6e87\" data-element_type=\"widget\" data-widget_type=\"toggle.default\">\n\t\t\t\t<div class=\"elementor-widget-container\">\n\t\t\t\t\t<div class=\"elementor-toggle\" role=\"tablist\">\n\t\t\t\t\t\t\t<div class=\"elementor-toggle-item\">\n\t\t\t\t\t<div id=\"elementor-tab-title-1331\" class=\"elementor-tab-title\" data-tab=\"1\" role=\"tab\" aria-controls=\"elementor-tab-content-1331\" aria-expanded=\"false\">\n\t\t\t\t\t\t\t\t\t\t\t\t<span class=\"elementor-toggle-icon elementor-toggle-icon-left\" aria-hidden=\"true\">\n\t\t\t\t\t\t\t\t\t\t\t\t\t\t\t<span class=\"elementor-toggle-icon-closed\"><i class=\"fas fa-caret-right\"><\/i><\/span>\n\t\t\t\t\t\t\t\t<span class=\"elementor-toggle-icon-opened\"><i class=\"elementor-toggle-icon-opened fas fa-caret-up\"><\/i><\/span>\n\t\t\t\t\t\t\t\t\t\t\t\t\t<\/span>\n\t\t\t\t\t\t\t\t\t\t\t\t<a href=\"\" class=\"elementor-toggle-title\">Adobe Rent a Car has 16 locations all around the country, including a car rental office at..<\/a>\n\t\t\t\t\t<\/div>\n\t\t\t\t\t<div id=\"elementor-tab-content-1331\" class=\"elementor-tab-content elementor-clearfix\" data-tab=\"1\" role=\"tabpanel\" aria-labelledby=\"elementor-tab-title-1331\"><img loading=\"lazy\" class=\"aligncenter wp-image-5272 size-full\" title=\"Juan Santamar\u00eda International Airport\" src=\"https:\/\/www.adobecar.com\/wp-content\/uploads\/2017\/12\/sjo-airport-costa-rica.png\" alt=\"sjo airport costa rica\" width=\"720\" height=\"480\" srcset=\"https:\/\/www.easycarcr.com\/wp-content\/uploads\/2017\/12\/sjo-airport-costa-rica.png 720w, https:\/\/www.easycarcr.com\/wp-content\/uploads\/2017\/12\/sjo-airport-costa-rica-300x200.png 300w\" sizes=\"(max-width: 720px) 100vw, 720px\" \/>\n\nRent a replacement car with Adobe and continue your daily activities without obstacles. We offer special rates from US$29 per day with basic coverage included, and a special guarantee deposit of US$250 if you hire our Extended Protection (SPP) and present the document stating that your personal car is in the workshop.<\/div>\n\t\t\t\t<\/div>\n\t\t\t\t\t<\/div>\n\t\t\t\t<\/div>\n\t\t\t\t<\/div>\n\t\t\t\t\t\t<\/div>\n\t\t\t\t\t<\/div>\n\t\t<\/div>\n\t\t\t\t\t\t\t\t<\/div>\n\t\t\t\t\t<\/div>\n\t\t<\/section>\n\t\t\t\t<section class=\"elementor-section elementor-top-section elementor-element elementor-element-3330e94 elementor-section-boxed elementor-section-height-default elementor-section-height-default\" data-id=\"3330e94\" data-element_type=\"section\">\n\t\t\t\t\t\t<div class=\"elementor-container elementor-column-gap-default\">\n\t\t\t\t\t\t\t<div class=\"elementor-row\">\n\t\t\t\t\t<div class=\"elementor-column elementor-col-100 elementor-top-column elementor-element elementor-element-2096f56\" data-id=\"2096f56\" data-element_type=\"column\">\n\t\t\t<div class=\"elementor-column-wrap elementor-element-populated\">\n\t\t\t\t\t\t\t<div class=\"elementor-widget-wrap\">\n\t\t\t\t\t\t<div class=\"elementor-element elementor-element-e1393aa elementor-widget elementor-widget-text-editor\" data-id=\"e1393aa\" data-element_type=\"widget\" data-widget_type=\"text-editor.default\">\n\t\t\t\t<div class=\"elementor-widget-container\">\n\t\t\t\t\t<div class=\"elementor-text-editor elementor-clearfix\"><h2><span style=\"font-size: 20pt;\">The rent a car with the most comprehensive coverage plan <\/span><\/h2><\/div>\n\t\t\t\t<\/div>\n\t\t\t\t<\/div>\n\t\t\t\t<div class=\"elementor-element elementor-element-d0ff63d elementor-widget elementor-widget-toggle\" data-id=\"d0ff63d\" data-element_type=\"widget\" data-widget_type=\"toggle.default\">\n\t\t\t\t<div class=\"elementor-widget-container\">\n\t\t\t\t\t<div class=\"elementor-toggle\" role=\"tablist\">\n\t\t\t\t\t\t\t<div class=\"elementor-toggle-item\">\n\t\t\t\t\t<div id=\"elementor-tab-title-2191\" class=\"elementor-tab-title\" data-tab=\"1\" role=\"tab\" aria-controls=\"elementor-tab-content-2191\" aria-expanded=\"false\">\n\t\t\t\t\t\t\t\t\t\t\t\t<span class=\"elementor-toggle-icon elementor-toggle-icon-left\" aria-hidden=\"true\">\n\t\t\t\t\t\t\t\t\t\t\t\t\t\t\t<span class=\"elementor-toggle-icon-closed\"><i class=\"fas fa-caret-right\"><\/i><\/span>\n\t\t\t\t\t\t\t\t<span class=\"elementor-toggle-icon-opened\"><i class=\"elementor-toggle-icon-opened fas fa-caret-up\"><\/i><\/span>\n\t\t\t\t\t\t\t\t\t\t\t\t\t<\/span>\n\t\t\t\t\t\t\t\t\t\t\t\t<a href=\"\" class=\"elementor-toggle-title\">Adobe Rent a Car offers you the most comprehensive <\/a>\n\t\t\t\t\t<\/div>\n\t\t\t\t\t<div id=\"elementor-tab-content-2191\" class=\"elementor-tab-content elementor-clearfix\" data-tab=\"1\" role=\"tabpanel\" aria-labelledby=\"elementor-tab-title-2191\"><p><img loading=\"lazy\" class=\"aligncenter wp-image-5952 size-full\" title=\"Juan Santamar\u00eda International Airport\" src=\"https:\/\/www.adobecar.com\/wp-content\/uploads\/2018\/04\/Grecia-Rentar-un-Carro-Costa-Rica.png\" alt=\"Grecia Rentar un Carro Costa Rica\" width=\"720\" height=\"357\" srcset=\"https:\/\/www.easycarcr.com\/wp-content\/uploads\/2018\/04\/Grecia-Rentar-un-Carro-Costa-Rica.png 720w, https:\/\/www.easycarcr.com\/wp-content\/uploads\/2018\/04\/Grecia-Rentar-un-Carro-Costa-Rica-300x149.png 300w, https:\/\/www.easycarcr.com\/wp-content\/uploads\/2018\/04\/Grecia-Rentar-un-Carro-Costa-Rica-20x10.png 20w\" sizes=\"(max-width: 720px) 100vw, 720px\" \/><\/p><p>Adobe Rent a Car offers you the most comprehensive insurance plan for a better experience in Costa Rica. We recommend buying our Extended Protection (SPP) so you can travel completely relaxed with US$0 deductible on car damages and US$0 deductible on third parties damages. SPP extends the limit of the coverage up to US$4.000.000 per event. It covers vandalism damages, windows, tires and car plates, and covers road assistance cost (24\/7) and tow truck.<\/p><\/div>\n\t\t\t\t<\/div>\n\t\t\t\t\t<\/div>\n\t\t\t\t<\/div>\n\t\t\t\t<\/div>\n\t\t\t\t\t\t<\/div>\n\t\t\t\t\t<\/div>\n\t\t<\/div>\n\t\t\t\t\t\t\t\t<\/div>\n\t\t\t\t\t<\/div>\n\t\t<\/section>\n\t\t\t\t<section class=\"elementor-section elementor-top-section elementor-element elementor-element-640763cb elementor-section-boxed elementor-section-height-default elementor-section-height-default\" data-id=\"640763cb\" data-element_type=\"section\">\n\t\t\t\t\t\t<div class=\"elementor-container elementor-column-gap-default\">\n\t\t\t\t\t\t\t<div class=\"elementor-row\">\n\t\t\t\t\t<div class=\"elementor-column elementor-col-100 elementor-top-column elementor-element elementor-element-6b370c06\" data-id=\"6b370c06\" data-element_type=\"column\">\n\t\t\t<div class=\"elementor-column-wrap elementor-element-populated\">\n\t\t\t\t\t\t\t<div class=\"elementor-widget-wrap\">\n\t\t\t\t\t\t<div class=\"elementor-element elementor-element-27637cd7 elementor-widget elementor-widget-text-editor\" data-id=\"27637cd7\" data-element_type=\"widget\" data-widget_type=\"text-editor.default\">\n\t\t\t\t<div class=\"elementor-widget-container\">\n\t\t\t\t\t<div class=\"elementor-text-editor elementor-clearfix\"><h2><span style=\"font-size: 20pt;\">Specialized Road Assistance<\/span><\/h2><\/div>\n\t\t\t\t<\/div>\n\t\t\t\t<\/div>\n\t\t\t\t<div class=\"elementor-element elementor-element-b445c22 elementor-widget elementor-widget-toggle\" data-id=\"b445c22\" data-element_type=\"widget\" data-widget_type=\"toggle.default\">\n\t\t\t\t<div class=\"elementor-widget-container\">\n\t\t\t\t\t<div class=\"elementor-toggle\" role=\"tablist\">\n\t\t\t\t\t\t\t<div class=\"elementor-toggle-item\">\n\t\t\t\t\t<div id=\"elementor-tab-title-1891\" class=\"elementor-tab-title\" data-tab=\"1\" role=\"tab\" aria-controls=\"elementor-tab-content-1891\" aria-expanded=\"false\">\n\t\t\t\t\t\t\t\t\t\t\t\t<span class=\"elementor-toggle-icon elementor-toggle-icon-left\" aria-hidden=\"true\">\n\t\t\t\t\t\t\t\t\t\t\t\t\t\t\t<span class=\"elementor-toggle-icon-closed\"><i class=\"fas fa-caret-right\"><\/i><\/span>\n\t\t\t\t\t\t\t\t<span class=\"elementor-toggle-icon-opened\"><i class=\"elementor-toggle-icon-opened fas fa-caret-up\"><\/i><\/span>\n\t\t\t\t\t\t\t\t\t\t\t\t\t<\/span>\n\t\t\t\t\t\t\t\t\t\t\t\t<a href=\"\" class=\"elementor-toggle-title\">Adobe Rent a Car is a company committed to support sustainable development...<\/a>\n\t\t\t\t\t<\/div>\n\t\t\t\t\t<div id=\"elementor-tab-content-1891\" class=\"elementor-tab-content elementor-clearfix\" data-tab=\"1\" role=\"tabpanel\" aria-labelledby=\"elementor-tab-title-1891\">We have chosen specialized vendors to provide 24\/7 road assistance to our customers all over the country, 365 days a year. We have the capacity to rapidly assist at the national level with services like towage, continued trip to the next destination (with a taxi or private transportation), basic road assistance on site, locksmith in case of misplaced or keys inside the vehicle, ambulance in case of a medical emergency due to an accident. \n\n<div id='gallery-1' class='gallery galleryid-7869 gallery-columns-3 gallery-size-thumbnail'><figure class='gallery-item'>\n\t\t\t<div class='gallery-icon landscape'>\n\t\t\t\t<img width=\"150\" height=\"150\" src=\"https:\/\/www.easycarcr.com\/wp-content\/uploads\/2018\/03\/LOGO-FINAL-CARBONO-NC1DDF6-150x150.png\" class=\"attachment-thumbnail size-thumbnail\" alt=\"Carboono Neutro Adobe Rent a car Tamarindo\" loading=\"lazy\" srcset=\"https:\/\/www.easycarcr.com\/wp-content\/uploads\/2018\/03\/LOGO-FINAL-CARBONO-NC1DDF6-150x150.png 150w, https:\/\/www.easycarcr.com\/wp-content\/uploads\/2018\/03\/LOGO-FINAL-CARBONO-NC1DDF6-300x300.png 300w, https:\/\/www.easycarcr.com\/wp-content\/uploads\/2018\/03\/LOGO-FINAL-CARBONO-NC1DDF6-50x50.png 50w, https:\/\/www.easycarcr.com\/wp-content\/uploads\/2018\/03\/LOGO-FINAL-CARBONO-NC1DDF6-320x320.png 320w, https:\/\/www.easycarcr.com\/wp-content\/uploads\/2018\/03\/LOGO-FINAL-CARBONO-NC1DDF6-20x20.png 20w, https:\/\/www.easycarcr.com\/wp-content\/uploads\/2018\/03\/LOGO-FINAL-CARBONO-NC1DDF6.png 350w\" sizes=\"(max-width: 150px) 100vw, 150px\" \/>\n\t\t\t<\/div><\/figure><figure class='gallery-item'>\n\t\t\t<div class='gallery-icon landscape'>\n\t\t\t\t<img width=\"150\" height=\"150\" src=\"https:\/\/www.easycarcr.com\/wp-content\/uploads\/2018\/03\/NIVEL-5-nuevo-150x150.png\" class=\"attachment-thumbnail size-thumbnail\" alt=\"Turismo Sostenible\" loading=\"lazy\" srcset=\"https:\/\/www.easycarcr.com\/wp-content\/uploads\/2018\/03\/NIVEL-5-nuevo-150x150.png 150w, https:\/\/www.easycarcr.com\/wp-content\/uploads\/2018\/03\/NIVEL-5-nuevo-300x300.png 300w, https:\/\/www.easycarcr.com\/wp-content\/uploads\/2018\/03\/NIVEL-5-nuevo-50x50.png 50w, https:\/\/www.easycarcr.com\/wp-content\/uploads\/2018\/03\/NIVEL-5-nuevo-320x320.png 320w, https:\/\/www.easycarcr.com\/wp-content\/uploads\/2018\/03\/NIVEL-5-nuevo-20x20.png 20w, https:\/\/www.easycarcr.com\/wp-content\/uploads\/2018\/03\/NIVEL-5-nuevo.png 350w\" sizes=\"(max-width: 150px) 100vw, 150px\" \/>\n\t\t\t<\/div><\/figure><figure class='gallery-item'>\n\t\t\t<div class='gallery-icon landscape'>\n\t\t\t\t<img width=\"150\" height=\"150\" src=\"https:\/\/www.easycarcr.com\/wp-content\/uploads\/2018\/03\/LOGO-BAE-1-150x150.png\" class=\"attachment-thumbnail size-thumbnail\" alt=\"Bandera Azul Ecol\u00f3gica Tamarindo Conchal\" loading=\"lazy\" srcset=\"https:\/\/www.easycarcr.com\/wp-content\/uploads\/2018\/03\/LOGO-BAE-1-150x150.png 150w, https:\/\/www.easycarcr.com\/wp-content\/uploads\/2018\/03\/LOGO-BAE-1-300x300.png 300w, https:\/\/www.easycarcr.com\/wp-content\/uploads\/2018\/03\/LOGO-BAE-1-50x50.png 50w, https:\/\/www.easycarcr.com\/wp-content\/uploads\/2018\/03\/LOGO-BAE-1-320x320.png 320w, https:\/\/www.easycarcr.com\/wp-content\/uploads\/2018\/03\/LOGO-BAE-1-20x20.png 20w, https:\/\/www.easycarcr.com\/wp-content\/uploads\/2018\/03\/LOGO-BAE-1.png 350w\" sizes=\"(max-width: 150px) 100vw, 150px\" \/>\n\t\t\t<\/div><\/figure>\n\t\t<\/div>\n<\/div>\n\t\t\t\t<\/div>\n\t\t\t\t\t<\/div>\n\t\t\t\t<\/div>\n\t\t\t\t<\/div>\n\t\t\t\t\t\t<\/div>\n\t\t\t\t\t<\/div>\n\t\t<\/div>\n\t\t\t\t\t\t\t\t<\/div>\n\t\t\t\t\t<\/div>\n\t\t<\/section>\n\t\t\t\t<section class=\"elementor-section elementor-top-section elementor-element elementor-element-1cfecd0 elementor-section-boxed elementor-section-height-default elementor-section-height-default\" data-id=\"1cfecd0\" data-element_type=\"section\" data-settings=\"{&quot;background_background&quot;:&quot;classic&quot;}\">\n\t\t\t\t\t\t<div class=\"elementor-container elementor-column-gap-default\">\n\t\t\t\t\t\t\t<div class=\"elementor-row\">\n\t\t\t\t\t<div class=\"elementor-column elementor-col-100 elementor-top-column elementor-element elementor-element-3e363a7a\" data-id=\"3e363a7a\" data-element_type=\"column\">\n\t\t\t<div class=\"elementor-column-wrap elementor-element-populated\">\n\t\t\t\t\t\t\t<div class=\"elementor-widget-wrap\">\n\t\t\t\t\t\t<div class=\"elementor-element elementor-element-37b65b90 elementor-widget elementor-widget-heading\" data-id=\"37b65b90\" data-element_type=\"widget\" data-widget_type=\"heading.default\">\n\t\t\t\t<div class=\"elementor-widget-container\">\n\t\t\t<h2 class=\"elementor-heading-title elementor-size-large\">CHOOSE WHAT FITS YOUR NEED<\/h2>\t\t<\/div>\n\t\t\t\t<\/div>\n\t\t\t\t<div class=\"elementor-element elementor-element-646150aa elementor-widget elementor-widget-text-editor\" data-id=\"646150aa\" data-element_type=\"widget\" data-widget_type=\"text-editor.default\">\n\t\t\t\t<div class=\"elementor-widget-container\">\n\t\t\t\t\t<div class=\"elementor-text-editor elementor-clearfix\"><p>Our fleet<\/p><\/div>\n\t\t\t\t<\/div>\n\t\t\t\t<\/div>\n\t\t\t\t<div class=\"elementor-element elementor-element-1f120cfd elementor-widget-divider--view-line elementor-widget elementor-widget-divider\" data-id=\"1f120cfd\" data-element_type=\"widget\" data-widget_type=\"divider.default\">\n\t\t\t\t<div class=\"elementor-widget-container\">\n\t\t\t\t\t<div class=\"elementor-divider\">\n\t\t\t<span class=\"elementor-divider-separator\">\n\t\t\t\t\t\t<\/span>\n\t\t<\/div>\n\t\t\t\t<\/div>\n\t\t\t\t<\/div>\n\t\t\t\t\t\t<\/div>\n\t\t\t\t\t<\/div>\n\t\t<\/div>\n\t\t\t\t\t\t\t\t<\/div>\n\t\t\t\t\t<\/div>\n\t\t<\/section>\n\t\t\t\t<section class=\"elementor-section elementor-top-section elementor-element elementor-element-8e57de4 elementor-section-boxed elementor-section-height-default elementor-section-height-default\" data-id=\"8e57de4\" data-element_type=\"section\" data-settings=\"{&quot;background_background&quot;:&quot;classic&quot;}\">\n\t\t\t\t\t\t<div class=\"elementor-container elementor-column-gap-default\">\n\t\t\t\t\t\t\t<div class=\"elementor-row\">\n\t\t\t\t\t<div class=\"elementor-column elementor-col-100 elementor-top-column elementor-element elementor-element-7ed1c6de\" data-id=\"7ed1c6de\" data-element_type=\"column\">\n\t\t\t<div class=\"elementor-column-wrap elementor-element-populated\">\n\t\t\t\t\t\t\t<div class=\"elementor-widget-wrap\">\n\t\t\t\t\t\t<div class=\"elementor-element elementor-element-35c8f72 elementor-arrows-position-inside elementor-widget elementor-widget-global elementor-global-6226 elementor-widget-image-carousel\" data-id=\"35c8f72\" data-element_type=\"widget\" data-settings=\"{&quot;slides_to_show&quot;:&quot;5&quot;,&quot;slides_to_scroll&quot;:&quot;1&quot;,&quot;navigation&quot;:&quot;arrows&quot;,&quot;autoplay&quot;:&quot;yes&quot;,&quot;pause_on_hover&quot;:&quot;yes&quot;,&quot;pause_on_interaction&quot;:&quot;yes&quot;,&quot;autoplay_speed&quot;:5000,&quot;infinite&quot;:&quot;yes&quot;,&quot;speed&quot;:500,&quot;image_spacing_custom&quot;:{&quot;unit&quot;:&quot;px&quot;,&quot;size&quot;:20,&quot;sizes&quot;:[]}}\" data-widget_type=\"image-carousel.default\">\n\t\t\t\t<div class=\"elementor-widget-container\">\n\t\t\t\t\t<div class=\"elementor-image-carousel-wrapper swiper-container\" dir=\"ltr\">\n\t\t\t<div class=\"elementor-image-carousel swiper-wrapper swiper-image-stretch\">\n\t\t\t\t<div class=\"swiper-slide\"><figure class=\"swiper-slide-inner\"><img class=\"swiper-slide-image\" src=\"https:\/\/www.easycarcr.com\/wp-content\/uploads\/2017\/11\/Hyundai-Grand-i10-hatchback_F_ENG.png\" alt=\"Hyundai Grand i10 hatchback\" \/><figcaption class=\"elementor-image-carousel-caption\">Hyundai Grand i10 hatchback<\/figcaption><\/figure><\/div><div class=\"swiper-slide\"><figure class=\"swiper-slide-inner\"><img class=\"swiper-slide-image\" src=\"https:\/\/www.easycarcr.com\/wp-content\/uploads\/2017\/11\/adobe-flota-web-ingles-04-min.png\" alt=\"Hyundai Grand i10 Sedan Mini Elite MT\" \/><figcaption class=\"elementor-image-carousel-caption\">Hyundai Grand i10 Sedan Mini Elite MT<\/figcaption><\/figure><\/div><div class=\"swiper-slide\"><figure class=\"swiper-slide-inner\"><img class=\"swiper-slide-image\" src=\"https:\/\/www.easycarcr.com\/wp-content\/uploads\/2017\/11\/adobe-flota-web-ingles-06-min.png\" alt=\"Hyundai Grand i10 AT - Sedan Mini Elite AT\" \/><figcaption class=\"elementor-image-carousel-caption\">Hyundai Grand i10 AT - Sedan Mini Elite AT<\/figcaption><\/figure><\/div><div class=\"swiper-slide\"><figure class=\"swiper-slide-inner\"><img class=\"swiper-slide-image\" src=\"https:\/\/www.easycarcr.com\/wp-content\/uploads\/2017\/11\/adobe-flota-web-ingles-12-min.png\" alt=\"Hyundai Elantra AT - Sedan Intermediate AT\" \/><figcaption class=\"elementor-image-carousel-caption\">Hyundai Elantra AT - Sedan Intermediate AT<\/figcaption><\/figure><\/div><div class=\"swiper-slide\"><figure class=\"swiper-slide-inner\"><img class=\"swiper-slide-image\" src=\"https:\/\/www.easycarcr.com\/wp-content\/uploads\/2017\/11\/SsangYong-Korandoen2.png\" alt=\"SsangYong Korando - SUV Compact 4WD MT\" \/><figcaption class=\"elementor-image-carousel-caption\">SsangYong Korando - SUV Compact 4WD MT<\/figcaption><\/figure><\/div><div class=\"swiper-slide\"><figure class=\"swiper-slide-inner\"><img class=\"swiper-slide-image\" src=\"https:\/\/www.easycarcr.com\/wp-content\/uploads\/2019\/01\/jimny-EN-2.png\" alt=\"Suzuki Jimny 4x4\" \/><figcaption class=\"elementor-image-carousel-caption\">Suzuki Jimny 4x4<\/figcaption><\/figure><\/div><div class=\"swiper-slide\"><figure class=\"swiper-slide-inner\"><img class=\"swiper-slide-image\" src=\"https:\/\/www.easycarcr.com\/wp-content\/uploads\/2019\/01\/Hybrid-2.png\" alt=\"Hyundai Ioniq Hybrid AT\" \/><figcaption class=\"elementor-image-carousel-caption\">Hyundai Ioniq Hybrid AT<\/figcaption><\/figure><\/div><div class=\"swiper-slide\"><figure class=\"swiper-slide-inner\"><img class=\"swiper-slide-image\" src=\"https:\/\/www.easycarcr.com\/wp-content\/uploads\/2019\/02\/BACK-EN.png\" alt=\"Hyundai Accent Blue ST\" \/><figcaption class=\"elementor-image-carousel-caption\">Hyundai Accent Blue ST<\/figcaption><\/figure><\/div><div class=\"swiper-slide\"><figure class=\"swiper-slide-inner\"><img class=\"swiper-slide-image\" src=\"https:\/\/www.easycarcr.com\/wp-content\/uploads\/2019\/02\/BACK-EN-AT.png\" alt=\"Hyundai Accent Blue AT\" \/><figcaption class=\"elementor-image-carousel-caption\">Hyundai Accent Blue AT<\/figcaption><\/figure><\/div><div class=\"swiper-slide\"><figure class=\"swiper-slide-inner\"><img class=\"swiper-slide-image\" src=\"https:\/\/www.easycarcr.com\/wp-content\/uploads\/2015\/12\/adobe-flota-web-ingles-24-min.png\" alt=\"Hyundai Tucson 4x4 AT\" \/><figcaption class=\"elementor-image-carousel-caption\">Hyundai Tucson 4x4 AT<\/figcaption><\/figure><\/div><div class=\"swiper-slide\"><figure class=\"swiper-slide-inner\"><img class=\"swiper-slide-image\" src=\"https:\/\/www.easycarcr.com\/wp-content\/uploads\/2015\/12\/adobe-santa-fe-4x4-AT-espalda-ing.jpg\" alt=\"Hyundai Santa Fe 4x4 AT\" \/><figcaption class=\"elementor-image-carousel-caption\">Hyundai Santa Fe 4x4 AT<\/figcaption><\/figure><\/div><div class=\"swiper-slide\"><figure class=\"swiper-slide-inner\"><img class=\"swiper-slide-image\" src=\"https:\/\/www.easycarcr.com\/wp-content\/uploads\/2018\/05\/Montero-Sport-4x4-At-en-back.png\" alt=\"Montero-Sport-4x4-At-en-back\" \/><figcaption class=\"elementor-image-carousel-caption\">Mitsubishi Montero Sport 4x4 AT<\/figcaption><\/figure><\/div><div class=\"swiper-slide\"><figure class=\"swiper-slide-inner\"><img class=\"swiper-slide-image\" src=\"https:\/\/www.easycarcr.com\/wp-content\/uploads\/2017\/12\/20.png\" alt=\"Fiat Fiorino Panel\" \/><figcaption class=\"elementor-image-carousel-caption\">Fiat Fiorino Panel<\/figcaption><\/figure><\/div><div class=\"swiper-slide\"><figure class=\"swiper-slide-inner\"><img class=\"swiper-slide-image\" src=\"https:\/\/www.easycarcr.com\/wp-content\/uploads\/2017\/12\/18.png\" alt=\"Hyundai H1 or similar - Minivan\" \/><figcaption class=\"elementor-image-carousel-caption\">Hyundai H1 or similar - Minivan<\/figcaption><\/figure><\/div><div class=\"swiper-slide\"><figure class=\"swiper-slide-inner\"><img class=\"swiper-slide-image\" src=\"https:\/\/www.easycarcr.com\/wp-content\/uploads\/2017\/12\/17.png\" alt=\"Isuzu D-Max Double Cabin or similar - Pick up - Double Cabin\" \/><figcaption class=\"elementor-image-carousel-caption\">Isuzu D-Max Double Cabin or similar - Pick up - Double Cabin<\/figcaption><\/figure><\/div>\t\t\t<\/div>\n\t\t\t\t\t\t\t\t\t\t\t\t\t\t\t\t<div class=\"elementor-swiper-button elementor-swiper-button-prev\">\n\t\t\t\t\t\t<i class=\"eicon-chevron-left\" aria-hidden=\"true\"><\/i>\n\t\t\t\t\t\t<span class=\"elementor-screen-only\">Previous<\/span>\n\t\t\t\t\t<\/div>\n\t\t\t\t\t<div class=\"elementor-swiper-button elementor-swiper-button-next\">\n\t\t\t\t\t\t<i class=\"eicon-chevron-right\" aria-hidden=\"true\"><\/i>\n\t\t\t\t\t\t<span class=\"elementor-screen-only\">Next<\/span>\n\t\t\t\t\t<\/div>\n\t\t\t\t\t\t\t\t\t<\/div>\n\t\t\t\t<\/div>\n\t\t\t\t<\/div>\n\t\t\t\t\t\t<\/div>\n\t\t\t\t\t<\/div>\n\t\t<\/div>\n\t\t\t\t\t\t\t\t<\/div>\n\t\t\t\t\t<\/div>\n\t\t<\/section>\n\t\t\t\t<section class=\"elementor-section elementor-top-section elementor-element elementor-element-4955e3b7 elementor-section-boxed elementor-section-height-default elementor-section-height-default\" data-id=\"4955e3b7\" data-element_type=\"section\" data-settings=\"{&quot;background_background&quot;:&quot;classic&quot;}\">\n\t\t\t\t\t\t<div class=\"elementor-container elementor-column-gap-default\">\n\t\t\t\t\t\t\t<div class=\"elementor-row\">\n\t\t\t\t\t<div class=\"elementor-column elementor-col-100 elementor-top-column elementor-element elementor-element-2cb1babb\" data-id=\"2cb1babb\" data-element_type=\"column\">\n\t\t\t<div class=\"elementor-column-wrap elementor-element-populated\">\n\t\t\t\t\t\t\t<div class=\"elementor-widget-wrap\">\n\t\t\t\t\t\t<div class=\"elementor-element elementor-element-4737901e elementor-widget elementor-widget-heading\" data-id=\"4737901e\" data-element_type=\"widget\" data-widget_type=\"heading.default\">\n\t\t\t\t<div class=\"elementor-widget-container\">\n\t\t\t<h2 class=\"elementor-heading-title elementor-size-large\">ADOBE LOCATIONS AND COSTA RICA DESTINATIONS<\/h2>\t\t<\/div>\n\t\t\t\t<\/div>\n\t\t\t\t<div class=\"elementor-element elementor-element-5e995618 elementor-widget elementor-widget-text-editor\" data-id=\"5e995618\" data-element_type=\"widget\" data-widget_type=\"text-editor.default\">\n\t\t\t\t<div class=\"elementor-widget-container\">\n\t\t\t\t\t<div class=\"elementor-text-editor elementor-clearfix\"><p>Find more car renting locations in Costa Rica<\/p><\/div>\n\t\t\t\t<\/div>\n\t\t\t\t<\/div>\n\t\t\t\t<div class=\"elementor-element elementor-element-75ebfc96 elementor-widget-divider--view-line elementor-widget elementor-widget-divider\" data-id=\"75ebfc96\" data-element_type=\"widget\" data-widget_type=\"divider.default\">\n\t\t\t\t<div class=\"elementor-widget-container\">\n\t\t\t\t\t<div class=\"elementor-divider\">\n\t\t\t<span class=\"elementor-divider-separator\">\n\t\t\t\t\t\t<\/span>\n\t\t<\/div>\n\t\t\t\t<\/div>\n\t\t\t\t<\/div>\n\t\t\t\t\t\t<\/div>\n\t\t\t\t\t<\/div>\n\t\t<\/div>\n\t\t\t\t\t\t\t\t<\/div>\n\t\t\t\t\t<\/div>\n\t\t<\/section>\n\t\t\t\t<section class=\"elementor-section elementor-top-section elementor-element elementor-element-60b940ce elementor-section-boxed elementor-section-height-default elementor-section-height-default\" data-id=\"60b940ce\" data-element_type=\"section\" data-settings=\"{&quot;background_background&quot;:&quot;classic&quot;}\">\n\t\t\t\t\t\t<div class=\"elementor-container elementor-column-gap-default\">\n\t\t\t\t\t\t\t<div class=\"elementor-row\">\n\t\t\t\t\t<div class=\"elementor-column elementor-col-25 elementor-top-column elementor-element elementor-element-220cf889\" data-id=\"220cf889\" data-element_type=\"column\">\n\t\t\t<div class=\"elementor-column-wrap elementor-element-populated\">\n\t\t\t\t\t\t\t<div class=\"elementor-widget-wrap\">\n\t\t\t\t\t\t<div class=\"elementor-element elementor-element-1937dc59 elementor-widget elementor-widget-heading\" data-id=\"1937dc59\" data-element_type=\"widget\" data-widget_type=\"heading.default\">\n\t\t\t\t<div class=\"elementor-widget-container\">\n\t\t\t<h2 class=\"elementor-heading-title elementor-size-default\"><a href=\"https:\/\/www.adobecar.com\/en\/rental-car-libera-costa-rica\/\">Car Rental Liberia Airport<\/a><\/h2>\t\t<\/div>\n\t\t\t\t<\/div>\n\t\t\t\t<div class=\"elementor-element elementor-element-5a0e7d3e elementor-widget elementor-widget-image\" data-id=\"5a0e7d3e\" data-element_type=\"widget\" data-widget_type=\"image.default\">\n\t\t\t\t<div class=\"elementor-widget-container\">\n\t\t\t\t\t<div class=\"elementor-image\">\n\t\t\t\t\t\t\t\t\t\t\t<a href=\"https:\/\/www.adobecar.com\/en\/rental-car-libera-costa-rica\/\">\n\t\t\t\t\t\t\t<img width=\"350\" height=\"204\" src=\"https:\/\/www.easycarcr.com\/wp-content\/uploads\/2017\/10\/slide_liberia-350x204.jpg\" class=\"attachment-consulting-image-350x204-croped size-consulting-image-350x204-croped\" alt=\"Car Rental Liberia Costa Rica\" loading=\"lazy\" \/>\t\t\t\t\t\t\t\t<\/a>\n\t\t\t\t\t\t\t\t\t\t\t<\/div>\n\t\t\t\t<\/div>\n\t\t\t\t<\/div>\n\t\t\t\t<div class=\"elementor-element elementor-element-3725cfa5 elementor-widget elementor-widget-text-editor\" data-id=\"3725cfa5\" data-element_type=\"widget\" data-widget_type=\"text-editor.default\">\n\t\t\t\t<div class=\"elementor-widget-container\">\n\t\t\t\t\t<div class=\"elementor-text-editor elementor-clearfix\">Nearby Daniel Oduber International Airport, you can visit the most popular beaches of Guanacaste, and a variety of activities that will allow you to relax and enjoy your vacations in Costa Rica.  <\/div>\n\t\t\t\t<\/div>\n\t\t\t\t<\/div>\n\t\t\t\t\t\t<\/div>\n\t\t\t\t\t<\/div>\n\t\t<\/div>\n\t\t\t\t<div class=\"elementor-column elementor-col-25 elementor-top-column elementor-element elementor-element-67b30338\" data-id=\"67b30338\" data-element_type=\"column\">\n\t\t\t<div class=\"elementor-column-wrap elementor-element-populated\">\n\t\t\t\t\t\t\t<div class=\"elementor-widget-wrap\">\n\t\t\t\t\t\t<div class=\"elementor-element elementor-element-6c3dc8ad elementor-widget elementor-widget-heading\" data-id=\"6c3dc8ad\" data-element_type=\"widget\" data-widget_type=\"heading.default\">\n\t\t\t\t<div class=\"elementor-widget-container\">\n\t\t\t<h2 class=\"elementor-heading-title elementor-size-default\"><a href=\"https:\/\/www.adobecar.com\/en\/rental-car-alajuela-costa-rica\/\">Car Rental SJO Airport<\/a><\/h2>\t\t<\/div>\n\t\t\t\t<\/div>\n\t\t\t\t<div class=\"elementor-element elementor-element-204692f7 elementor-widget elementor-widget-image\" data-id=\"204692f7\" data-element_type=\"widget\" data-widget_type=\"image.default\">\n\t\t\t\t<div class=\"elementor-widget-container\">\n\t\t\t\t\t<div class=\"elementor-image\">\n\t\t\t\t\t\t\t\t\t\t\t<a href=\"https:\/\/www.adobecar.com\/en\/rental-car-alajuela-costa-rica\/\">\n\t\t\t\t\t\t\t<img width=\"350\" height=\"204\" src=\"https:\/\/www.easycarcr.com\/wp-content\/uploads\/2017\/10\/slide_alajuela-1-350x204.jpg\" class=\"attachment-consulting-image-350x204-croped size-consulting-image-350x204-croped\" alt=\"Alajuela Adobe Rent a Car\" loading=\"lazy\" \/>\t\t\t\t\t\t\t\t<\/a>\n\t\t\t\t\t\t\t\t\t\t\t<\/div>\n\t\t\t\t<\/div>\n\t\t\t\t<\/div>\n\t\t\t\t<div class=\"elementor-element elementor-element-47cb997d elementor-widget elementor-widget-text-editor\" data-id=\"47cb997d\" data-element_type=\"widget\" data-widget_type=\"text-editor.default\">\n\t\t\t\t<div class=\"elementor-widget-container\">\n\t\t\t\t\t<div class=\"elementor-text-editor elementor-clearfix\">In the province of Juan Santamar\u00eda International Airport, you can visit the Po\u00e1s, Arenal, Tenorio and Rinc\u00f3n de la Vieja Volcanoes, the Ca\u00f1o Negro Wildlife Refuge and a variety of waterfalls. <\/div>\n\t\t\t\t<\/div>\n\t\t\t\t<\/div>\n\t\t\t\t\t\t<\/div>\n\t\t\t\t\t<\/div>\n\t\t<\/div>\n\t\t\t\t<div class=\"elementor-column elementor-col-25 elementor-top-column elementor-element elementor-element-73d1a66d\" data-id=\"73d1a66d\" data-element_type=\"column\">\n\t\t\t<div class=\"elementor-column-wrap elementor-element-populated\">\n\t\t\t\t\t\t\t<div class=\"elementor-widget-wrap\">\n\t\t\t\t\t\t<div class=\"elementor-element elementor-element-415a4e03 elementor-widget elementor-widget-heading\" data-id=\"415a4e03\" data-element_type=\"widget\" data-widget_type=\"heading.default\">\n\t\t\t\t<div class=\"elementor-widget-container\">\n\t\t\t<h2 class=\"elementor-heading-title elementor-size-default\"><a href=\"https:\/\/www.adobecar.com\/en\/rental-car-quepos-costa-rica\/\">Car Rental Quepos<\/a><\/h2>\t\t<\/div>\n\t\t\t\t<\/div>\n\t\t\t\t<div class=\"elementor-element elementor-element-41f65348 elementor-widget elementor-widget-image\" data-id=\"41f65348\" data-element_type=\"widget\" data-widget_type=\"image.default\">\n\t\t\t\t<div class=\"elementor-widget-container\">\n\t\t\t\t\t<div class=\"elementor-image\">\n\t\t\t\t\t\t\t\t\t\t\t<a href=\"https:\/\/www.adobecar.com\/en\/rental-car-quepos-costa-rica\/\">\n\t\t\t\t\t\t\t<img width=\"350\" height=\"204\" src=\"https:\/\/www.easycarcr.com\/wp-content\/uploads\/2017\/10\/slide_quepos-350x204.jpg\" class=\"attachment-consulting-image-350x204-croped size-consulting-image-350x204-croped\" alt=\"Adobe Rent a Car Quepos\" loading=\"lazy\" \/>\t\t\t\t\t\t\t\t<\/a>\n\t\t\t\t\t\t\t\t\t\t\t<\/div>\n\t\t\t\t<\/div>\n\t\t\t\t<\/div>\n\t\t\t\t<div class=\"elementor-element elementor-element-409dc60 elementor-widget elementor-widget-text-editor\" data-id=\"409dc60\" data-element_type=\"widget\" data-widget_type=\"text-editor.default\">\n\t\t\t\t<div class=\"elementor-widget-container\">\n\t\t\t\t\t<div class=\"elementor-text-editor elementor-clearfix\">Quepos is the gateway to Manuel Antonio National Park, one of the most visited tourist destinations in the country, easily accessible, with a variety of restaurants, hotels and natural beauties.<\/div>\n\t\t\t\t<\/div>\n\t\t\t\t<\/div>\n\t\t\t\t\t\t<\/div>\n\t\t\t\t\t<\/div>\n\t\t<\/div>\n\t\t\t\t<div class=\"elementor-column elementor-col-25 elementor-top-column elementor-element elementor-element-1df05c02\" data-id=\"1df05c02\" data-element_type=\"column\">\n\t\t\t<div class=\"elementor-column-wrap elementor-element-populated\">\n\t\t\t\t\t\t\t<div class=\"elementor-widget-wrap\">\n\t\t\t\t\t\t<div class=\"elementor-element elementor-element-33a7100f elementor-widget elementor-widget-heading\" data-id=\"33a7100f\" data-element_type=\"widget\" data-widget_type=\"heading.default\">\n\t\t\t\t<div class=\"elementor-widget-container\">\n\t\t\t<h2 class=\"elementor-heading-title elementor-size-default\"><a href=\"https:\/\/www.adobecar.com\/en\/tamarindo-conchal-costa-rica-car-rental\/\">Car Rental Tamarindo<\/a><\/h2>\t\t<\/div>\n\t\t\t\t<\/div>\n\t\t\t\t<div class=\"elementor-element elementor-element-73680579 elementor-widget elementor-widget-image\" data-id=\"73680579\" data-element_type=\"widget\" data-widget_type=\"image.default\">\n\t\t\t\t<div class=\"elementor-widget-container\">\n\t\t\t\t\t<div class=\"elementor-image\">\n\t\t\t\t\t\t\t\t\t\t\t<a href=\"https:\/\/www.adobecar.com\/en\/tamarindo-conchal-costa-rica-car-rental\/\">\n\t\t\t\t\t\t\t<img width=\"350\" height=\"204\" src=\"https:\/\/www.easycarcr.com\/wp-content\/uploads\/2017\/10\/slide_conchal-350x204.jpg\" class=\"attachment-consulting-image-350x204-croped size-consulting-image-350x204-croped\" alt=\"Conchal Tamarindo Rent a car\" loading=\"lazy\" \/>\t\t\t\t\t\t\t\t<\/a>\n\t\t\t\t\t\t\t\t\t\t\t<\/div>\n\t\t\t\t<\/div>\n\t\t\t\t<\/div>\n\t\t\t\t<div class=\"elementor-element elementor-element-2fadc462 elementor-widget elementor-widget-text-editor\" data-id=\"2fadc462\" data-element_type=\"widget\" data-widget_type=\"text-editor.default\">\n\t\t\t\t<div class=\"elementor-widget-container\">\n\t\t\t\t\t<div class=\"elementor-text-editor elementor-clearfix\">Conchal Beach, one of the most exotic beaches situated in the north of Guanacaste province, and a few kilometers away from the beautiful beaches of Brasilito, Flamingo and Tamarindo.<\/div>\n\t\t\t\t<\/div>\n\t\t\t\t<\/div>\n\t\t\t\t\t\t<\/div>\n\t\t\t\t\t<\/div>\n\t\t<\/div>\n\t\t\t\t\t\t\t\t<\/div>\n\t\t\t\t\t<\/div>\n\t\t<\/section>\n\t\t\t\t<section class=\"elementor-section elementor-top-section elementor-element elementor-element-5dda515e elementor-section-content-middle elementor-section-boxed elementor-section-height-default elementor-section-height-default\" data-id=\"5dda515e\" data-element_type=\"section\" data-settings=\"{&quot;background_background&quot;:&quot;classic&quot;}\">\n\t\t\t\t\t\t<div class=\"elementor-container elementor-column-gap-default\">\n\t\t\t\t\t\t\t<div class=\"elementor-row\">\n\t\t\t\t\t<div class=\"elementor-column elementor-col-100 elementor-top-column elementor-element elementor-element-7c150adb\" data-id=\"7c150adb\" data-element_type=\"column\">\n\t\t\t<div class=\"elementor-column-wrap elementor-element-populated\">\n\t\t\t\t\t\t\t<div class=\"elementor-widget-wrap\">\n\t\t\t\t\t\t<div class=\"elementor-element elementor-element-5e3f7971 elementor-widget elementor-widget-text-editor\" data-id=\"5e3f7971\" data-element_type=\"widget\" data-widget_type=\"text-editor.default\">\n\t\t\t\t<div class=\"elementor-widget-container\">\n\t\t\t\t\t<div class=\"elementor-text-editor elementor-clearfix\"><p style=\"text-align: center;\">Copyright \u00a9 2018 Adobe Rent a Car. Powered by\u00a0Media Marketing<\/p><\/div>\n\t\t\t\t<\/div>\n\t\t\t\t<\/div>\n\t\t\t\t\t\t<\/div>\n\t\t\t\t\t<\/div>\n\t\t<\/div>\n\t\t\t\t\t\t\t\t<\/div>\n\t\t\t\t\t<\/div>\n\t\t<\/section>\n\t\t\t\t\t\t<\/div>\n\t\t\t\t\t\t<\/div>\n\t\t\t\t\t<\/div>\n\t\t","protected":false},"excerpt":{"rendered":"<p>(506) 2542-4800 US &#038; CAN Toll Free:\u00a01-855-861-1250 +506 8494-5956 Car Rental Grecia Costa Rica Discover Grecia with Adobe! Book online now, quickly and easily, with competitive rates Information on Adobe Rent a Car at Grecia Costa Rica Phone:\u00a0(506) 2444-1395US &amp; CAN Toll Free:\u00a01-855-861-1250 (8 am-5 pm Central Time) Whatsapp: (506) 8494-5956 (Monday to Friday, 8<\/p>\n","protected":false},"author":4,"featured_media":0,"parent":0,"menu_order":0,"comment_status":"closed","ping_status":"closed","template":"elementor_canvas","meta":[],"yoast_head":"<!-- This site is optimized with the Yoast SEO Premium plugin v15.9.2 - https:\/\/yoast.com\/wordpress\/plugins\/seo\/ -->\n<title>Car Rental Grecia Costa Rica - Adobe Rent a Car Costa Rica<\/title>\n<meta name=\"description\" content=\"Car Rental Grecia Costa Rica. Discover Grecia with Adobe! Book online now, quickly and easily, with competitive rates. Phone: (506) 2444-1395US\" \/>\n<link rel=\"canonical\" href=\"https:\/\/www.easycarcr.com\/en\/car-rental-grecia-costa-rica\/\" \/>\n<meta property=\"og:locale\" content=\"en_US\" \/>\n<meta property=\"og:type\" content=\"article\" \/>\n<meta property=\"og:title\" content=\"Car Rental Grecia Costa Rica - Adobe Rent a Car Costa Rica\" \/>\n<meta property=\"og:description\" content=\"Car Rental Grecia Costa Rica. Discover Grecia with Adobe! Book online now, quickly and easily, with competitive rates. Phone: (506) 2444-1395US\" \/>\n<meta property=\"og:url\" content=\"https:\/\/www.easycarcr.com\/en\/car-rental-grecia-costa-rica\/\" \/>\n<meta property=\"og:site_name\" content=\"EasyCar Rental\" \/>\n<meta property=\"article:publisher\" content=\"https:\/\/www.facebook.com\/adobecar\/\" \/>\n<meta property=\"article:modified_time\" content=\"2020-04-07T22:41:25+00:00\" \/>\n<meta property=\"og:image\" content=\"https:\/\/www.easycarcr.com\/wp-content\/uploads\/2018\/04\/Adobe-Car-Grecia-Costa-Rica-Oficina.png\" \/>\n\t<meta property=\"og:image:width\" content=\"720\" \/>\n\t<meta property=\"og:image:height\" content=\"357\" \/>\n<meta name=\"twitter:card\" content=\"summary_large_image\" \/>\n<meta name=\"twitter:title\" content=\"Car Rental Grecia Costa Rica - Adobe Rent a Car Costa Rica\" \/>\n<meta name=\"twitter:description\" content=\"Car Rental Grecia Costa Rica. Discover Grecia with Adobe! Book online now, quickly and easily, with competitive rates. Phone: (506) 2444-1395US\" \/>\n<meta name=\"twitter:site\" content=\"@adoberentacar\" \/>\n<meta name=\"twitter:label1\" content=\"Est. reading time\">\n\t<meta name=\"twitter:data1\" content=\"4 minutes\">\n<script type=\"application\/ld+json\" class=\"yoast-schema-graph\">{\"@context\":\"https:\/\/schema.org\",\"@graph\":[{\"@type\":\"Organization\",\"@id\":\"https:\/\/www.easycarcr.com\/#organization\",\"name\":\"Adobe Rent a Car\",\"url\":\"https:\/\/www.easycarcr.com\/\",\"sameAs\":[\"https:\/\/www.facebook.com\/adobecar\/\",\"https:\/\/www.instagram.com\/adoberentacar\/\",\"https:\/\/www.linkedin.com\/company\/adobe-rent-a-car\/\",\"https:\/\/www.youtube.com\/channel\/UCPJfc3n7wu_7aR8H_nd6VJQ\",\"https:\/\/twitter.com\/adoberentacar\"],\"logo\":{\"@type\":\"ImageObject\",\"@id\":\"https:\/\/www.easycarcr.com\/#logo\",\"inLanguage\":\"en-US\",\"url\":\"https:\/\/www.easycarcr.com\/wp-content\/uploads\/2017\/07\/logo-adobe-rent.png\",\"width\":170,\"height\":78,\"caption\":\"Adobe Rent a Car\"},\"image\":{\"@id\":\"https:\/\/www.easycarcr.com\/#logo\"}},{\"@type\":\"WebSite\",\"@id\":\"https:\/\/www.easycarcr.com\/#website\",\"url\":\"https:\/\/www.easycarcr.com\/\",\"name\":\"EasyCar Rental\",\"description\":\"Rent a Car Costa Rica\",\"publisher\":{\"@id\":\"https:\/\/www.easycarcr.com\/#organization\"},\"potentialAction\":[{\"@type\":\"SearchAction\",\"target\":\"https:\/\/www.easycarcr.com\/?s={search_term_string}\",\"query-input\":\"required name=search_term_string\"}],\"inLanguage\":\"en-US\"},{\"@type\":\"ImageObject\",\"@id\":\"https:\/\/www.easycarcr.com\/en\/car-rental-grecia-costa-rica\/#primaryimage\",\"inLanguage\":\"en-US\",\"url\":\"https:\/\/www.adobecar.com\/wp-content\/uploads\/2017\/07\/logo-adobe-rent.png\"},{\"@type\":\"WebPage\",\"@id\":\"https:\/\/www.easycarcr.com\/en\/car-rental-grecia-costa-rica\/#webpage\",\"url\":\"https:\/\/www.easycarcr.com\/en\/car-rental-grecia-costa-rica\/\",\"name\":\"Car Rental Grecia Costa Rica - Adobe Rent a Car Costa Rica\",\"isPartOf\":{\"@id\":\"https:\/\/www.easycarcr.com\/#website\"},\"primaryImageOfPage\":{\"@id\":\"https:\/\/www.easycarcr.com\/en\/car-rental-grecia-costa-rica\/#primaryimage\"},\"datePublished\":\"2018-12-13T23:16:24+00:00\",\"dateModified\":\"2020-04-07T22:41:25+00:00\",\"description\":\"Car Rental Grecia Costa Rica. Discover Grecia with Adobe! Book online now, quickly and easily, with competitive rates. Phone: (506) 2444-1395US\",\"breadcrumb\":{\"@id\":\"https:\/\/www.easycarcr.com\/en\/car-rental-grecia-costa-rica\/#breadcrumb\"},\"inLanguage\":\"en-US\",\"potentialAction\":[{\"@type\":\"ReadAction\",\"target\":[\"https:\/\/www.easycarcr.com\/en\/car-rental-grecia-costa-rica\/\"]}]},{\"@type\":\"BreadcrumbList\",\"@id\":\"https:\/\/www.easycarcr.com\/en\/car-rental-grecia-costa-rica\/#breadcrumb\",\"itemListElement\":[{\"@type\":\"ListItem\",\"position\":1,\"item\":{\"@type\":\"WebPage\",\"@id\":\"https:\/\/www.easycarcr.com\/en\/adobe-rent-car-costa-rica-2\/\",\"url\":\"https:\/\/www.easycarcr.com\/en\/adobe-rent-car-costa-rica-2\/\",\"name\":\"Home\"}},{\"@type\":\"ListItem\",\"position\":2,\"item\":{\"@type\":\"WebPage\",\"@id\":\"https:\/\/www.easycarcr.com\/en\/car-rental-grecia-costa-rica\/\",\"url\":\"https:\/\/www.easycarcr.com\/en\/car-rental-grecia-costa-rica\/\",\"name\":\"Rentar Carros en Grecia Costa Rica\"}}]}]}<\/script>\n<!-- \/ Yoast SEO Premium plugin. -->","_links":{"self":[{"href":"https:\/\/www.easycarcr.com\/en\/wp-json\/wp\/v2\/pages\/7869"}],"collection":[{"href":"https:\/\/www.easycarcr.com\/en\/wp-json\/wp\/v2\/pages"}],"about":[{"href":"https:\/\/www.easycarcr.com\/en\/wp-json\/wp\/v2\/types\/page"}],"author":[{"embeddable":true,"href":"https:\/\/www.easycarcr.com\/en\/wp-json\/wp\/v2\/users\/4"}],"replies":[{"embeddable":true,"href":"https:\/\/www.easycarcr.com\/en\/wp-json\/wp\/v2\/comments?post=7869"}],"version-history":[{"count":10,"href":"https:\/\/www.easycarcr.com\/en\/wp-json\/wp\/v2\/pages\/7869\/revisions"}],"predecessor-version":[{"id":11136,"href":"https:\/\/www.easycarcr.com\/en\/wp-json\/wp\/v2\/pages\/7869\/revisions\/11136"}],"wp:attachment":[{"href":"https:\/\/www.easycarcr.com\/en\/wp-json\/wp\/v2\/media?parent=7869"}],"curies":[{"name":"wp","href":"https:\/\/api.w.org\/{rel}","templated":true}]}}